{"id":318,"date":"2025-05-28T09:11:11","date_gmt":"2025-05-28T09:11:11","guid":{"rendered":"https:\/\/festive-benz.2-56-99-18.plesk.page\/schornsteinfeger-liv-baden-wuerttemberg\/?page_id=318"},"modified":"2025-10-21T07:41:51","modified_gmt":"2025-10-21T07:41:51","slug":"ausbildung-in-baden-wuertemberg","status":"publish","type":"page","link":"https:\/\/schornsteinfegerinnung-tuebingen.de\/index.php\/ausbildung-in-baden-wuertemberg\/","title":{"rendered":"Ausbildung in Baden-W\u00fcrttemberg"},"content":{"rendered":"<p>[et_pb_section fb_built=&#8220;1&#8243; _builder_version=&#8220;4.27.4&#8243; _module_preset=&#8220;default&#8220; hover_enabled=&#8220;0&#8243; global_colors_info=&#8220;{}&#8220; sticky_enabled=&#8220;0&#8243;][et_pb_row column_structure=&#8220;1_2,1_2&#8243; _builder_version=&#8220;4.27.4&#8243; _module_preset=&#8220;default&#8220; hover_enabled=&#8220;0&#8243; global_colors_info=&#8220;{}&#8220; sticky_enabled=&#8220;0&#8243;][et_pb_column type=&#8220;1_2&#8243; _builder_version=&#8220;4.27.4&#8243; _module_preset=&#8220;default&#8220; hover_enabled=&#8220;0&#8243; global_colors_info=&#8220;{}&#8220; sticky_enabled=&#8220;0&#8243;][et_pb_text _builder_version=&#8220;4.27.4&#8243; _module_preset=&#8220;default&#8220; hover_enabled=&#8220;0&#8243; global_colors_info=&#8220;{}&#8220; content_last_edited=&#8220;on|tablet&#8220; content_tablet=&#8220;<\/p>\n<h1 style=%22text-align: left;%22>Informationen f\u00fcr<br \/>Auszubildende<\/h1>\n<h3 style=%22text-align: left;%22><strong>Gl\u00fcckbringer werden!<\/strong><\/h3>\n<p style=%22text-align: left;%22><strong><\/strong><\/p>\n<p style=%22text-align: left;%22><strong>Dauer der Ausbildung: 3 Jahre<\/strong><\/p>\n<p style=%22text-align: left;%22>Berufsschulunterricht und \u00fcberbetriebliche Ausbildung finden als Blockunterricht statt.<br \/>\u00dcber das Jahr verteilt fallen insgesamt 3 Monate Schule an.<\/p>\n<p style=%22text-align: left;%22><strong>Landesfachschule<\/strong><br \/>Ferdinand-von-Steinbeis-Schule<br \/>Gewerbliche Berufs- und Fachschule II<br \/>Abteilung Schornsteinfeger<br \/>Eggeringerweg 26<br \/>89077 Ulm<br \/>Telefon: 0731 \/ 161 38 40<br \/>Telefax: 0731 \/ 161 16 28<\/p>\n<p style=%22text-align: left;%22><strong>Meisterschule<\/strong><br \/>Telefon: 07 31 \/ 161 38 77<\/p>\n<p style=%22text-align: left;%22><a href=%22https:\/\/www.schornsteinfeger.de\/ausbildung-und-verdienst.aspx%22 data-et-target-link=%22_blank%22 rel=%22noopener%22><span>Mehr erfahren\u2192<\/span><\/a><\/p>\n<p>&#8220; sticky_enabled=&#8220;0&#8243; content_phone=&#8220;<\/p>\n<h1 style=%22text-align: left;%22>Informationen f\u00fcr<br \/>Auszubildende<\/h1>\n<h3 style=%22text-align: left;%22><strong>Gl\u00fcckbringer werden!<\/strong><\/h3>\n<p style=%22text-align: left;%22><strong><\/strong><\/p>\n<p style=%22text-align: left;%22><strong>Dauer der Ausbildung: 3 Jahre<\/strong><\/p>\n<p style=%22text-align: left;%22>Berufsschulunterricht und \u00fcberbetriebliche Ausbildung finden als Blockunterricht statt.<br \/>\u00dcber das Jahr verteilt fallen insgesamt 3 Monate Schule an.<\/p>\n<p style=%22text-align: left;%22><strong>Landesfachschule<\/strong><br \/>Ferdinand-von-Steinbeis-Schule<br \/>Gewerbliche Berufs- und Fachschule II<br \/>Abteilung Schornsteinfeger<br \/>Eggeringerweg 26<br \/>89077 Ulm<br \/>Telefon: 0731 \/ 161 38 40<br \/>Telefax: 0731 \/ 161 16 28<\/p>\n<p style=%22text-align: left;%22><strong>Meisterschule<\/strong><br \/>Telefon: 07 31 \/ 161 38 77<\/p>\n<p style=%22text-align: left;%22><a href=%22https:\/\/www.schornsteinfeger.de\/ausbildung-und-verdienst.aspx%22 data-et-target-link=%22_blank%22 rel=%22noopener%22><span>Mehr erfahren\u2192<\/span><\/a><\/p>\n<p>&#8222;]<\/p>\n<h1 style=\"text-align: right;\">Informationen f\u00fcr<br \/>Auszubildende<\/h1>\n<h3 style=\"text-align: right;\"><strong>Gl\u00fcckbringer werden!<\/strong><\/h3>\n<p style=\"text-align: right;\"><strong><\/strong><\/p>\n<p style=\"text-align: right;\"><strong>Dauer der Ausbildung: 3 Jahre<\/strong><\/p>\n<p style=\"text-align: right;\">Berufsschulunterricht und \u00fcberbetriebliche Ausbildung finden als Blockunterricht statt.<br \/>\u00dcber das Jahr verteilt fallen insgesamt 3 Monate Schule an.<\/p>\n<p style=\"text-align: right;\"><strong>Landesfachschule<\/strong><br \/>Ferdinand-von-Steinbeis-Schule<br \/>Gewerbliche Berufs- und Fachschule II<br \/>Abteilung Schornsteinfeger<br \/>Eggeringerweg 26<br \/>89077 Ulm<br \/>Telefon: 0731 \/ 161 38 40<br \/>Telefax: 0731 \/ 161 16 28<\/p>\n<p style=\"text-align: right;\"><strong>Meisterschule<\/strong><br \/>Telefon: 07 31 \/ 161 38 77<\/p>\n<p style=\"text-align: right;\"><a href=\"https:\/\/www.schornsteinfeger.de\/ausbildung-und-verdienst.aspx\" target=\"_blank\" rel=\"noopener\"><span>Mehr erfahren\u2192<\/span><\/a><\/p>\n<p>[\/et_pb_text][\/et_pb_column][et_pb_column type=&#8220;1_2&#8243; _builder_version=&#8220;4.27.4&#8243; _module_preset=&#8220;default&#8220; hover_enabled=&#8220;0&#8243; global_colors_info=&#8220;{}&#8220; sticky_enabled=&#8220;0&#8243;][et_pb_image src=&#8220;https:\/\/schornsteinfegerinnung-tuebingen.de\/wp-content\/uploads\/2025\/06\/schornsteinfegerin_7_weiss.jpg&#8220; title_text=&#8220;schornsteinfegerin_7_weiss&#8220; _builder_version=&#8220;4.27.4&#8243; _module_preset=&#8220;default&#8220; width=&#8220;50%&#8220; animation_style=&#8220;flip&#8220; hover_enabled=&#8220;0&#8243; global_colors_info=&#8220;{}&#8220; sticky_enabled=&#8220;0&#8243; width_last_edited=&#8220;on|desktop&#8220; width_tablet=&#8220;45%&#8220; src_last_edited=&#8220;on|tablet&#8220; src_tablet=&#8220;&#8220; width_phone=&#8220;45%&#8220; src_phone=&#8220;&#8220;][\/et_pb_image][\/et_pb_column][\/et_pb_row][\/et_pb_section][et_pb_section fb_built=&#8220;1&#8243; _builder_version=&#8220;4.27.4&#8243; _module_preset=&#8220;default&#8220; background_color=&#8220;#F2F0EB&#8220; hover_enabled=&#8220;0&#8243; global_colors_info=&#8220;{}&#8220; custom_margin_last_edited=&#8220;on|phone&#8220; custom_padding_last_edited=&#8220;on|phone&#8220; sticky_enabled=&#8220;0&#8243; custom_margin_tablet=&#8220;5px||0px||false|false&#8220; custom_padding_tablet=&#8220;50px||50px||false|false&#8220; custom_margin_phone=&#8220;5px||0px||false|false&#8220; custom_padding_phone=&#8220;50px||50px||false|false&#8220;][et_pb_row _builder_version=&#8220;4.27.4&#8243; _module_preset=&#8220;default&#8220; hover_enabled=&#8220;0&#8243; global_colors_info=&#8220;{}&#8220; custom_margin_last_edited=&#8220;on|phone&#8220; custom_padding_last_edited=&#8220;on|phone&#8220; sticky_enabled=&#8220;0&#8243;][et_pb_column type=&#8220;4_4&#8243; _builder_version=&#8220;4.27.4&#8243; _module_preset=&#8220;default&#8220; global_colors_info=&#8220;{}&#8220;][et_pb_cta title=&#8220;Ausbildungsverg\u00fctung&#8220; _builder_version=&#8220;4.27.4&#8243; _module_preset=&#8220;default&#8220; header_level=&#8220;h1&#8243; header_font_size=&#8220;33px&#8220; hover_enabled=&#8220;0&#8243; border_radii=&#8220;on|0px|0px|0px|0px&#8220; border_width_all=&#8220;0px&#8220; border_color_right=&#8220;#000000&#8243; global_colors_info=&#8220;{}&#8220; content_last_edited=&#8220;on|phone&#8220; content_phone=&#8220;<\/p>\n<h3><\/h3>\n<p>Mit Wirkung<span>\u00a0<\/span><strong>ab 01.01.2024<\/strong><span>\u00a0<\/span>wird f\u00fcr neu abgeschlossene Ausbildungsverh\u00e4ltnisse die Empfehlung angepasst und auf folgende Betr\u00e4ge erh\u00f6ht:<\/p>\n<p><strong>1. Lehrjahr 900 Euro<\/strong><br \/><strong>2. Lehrjahr 1.000 Euro<\/strong><br \/><strong>3. Lehrjahr 1.100 Euro<\/strong><\/p>\n<p>Wir empfehlen auch weiterhin die Anmeldung der Auszubildenden bei der <strong>Pensionskasse des Schornsteinfegerhandwerks (PKS)<\/strong><span>\u00a0<\/span>mit einem Beitrag von 31,73 \u20ac.<\/p>\n<p>&#8220; custom_margin_last_edited=&#8220;on|phone&#8220; custom_padding_last_edited=&#8220;on|phone&#8220; sticky_enabled=&#8220;0&#8243; body_font_size_last_edited=&#8220;on|phone&#8220; body_font_size_phone=&#8220;14px&#8220; custom_margin_tablet=&#8220;0px|0px|0px|0px|false|false&#8220; custom_padding_tablet=&#8220;0px|0px|0px|0px|false|false&#8220; content_tablet=&#8220;<\/p>\n<h3><\/h3>\n<p>Mit Wirkung<span>\u00a0<\/span><strong>ab 01.01.2024<\/strong><span>\u00a0<\/span>wird f\u00fcr neu abgeschlossene Ausbildungsverh\u00e4ltnisse die<br \/>Empfehlung angepasst und auf folgende Betr\u00e4ge<\/p>\n<p><strong>1. Lehrjahr 900 Euro<\/strong><br \/><strong>2. Lehrjahr 1.000 Euro<\/strong><br \/><strong>3. Lehrjahr 1.100 Euro<\/strong><\/p>\n<p>erh\u00f6ht.<\/p>\n<p>Wir empfehlen auch weiterhin die Anmeldung der Auszubildenden bei der<br \/><strong>Pensionskasse des Schornsteinfegerhandwerks (PKS)<\/strong><span>\u00a0<\/span>mit einem Beitrag von 31,73 \u20ac.<\/p>\n<p>Mit Wirkung<span>\u00a0<\/span><strong>ab 01.01.2023<\/strong><span>\u00a0<\/span>wurde f\u00fcr neu abgeschlossene Ausbildungsverh\u00e4ltnisse die Empfehlung angepasst und auf folgende Betr\u00e4ge<\/p>\n<p><strong>1. Lehrjahr 800 Euro<\/strong><br \/><strong>2. Lehrjahr 900 Euro<\/strong><br \/><strong>3. Lehrjahr 1.000 Euro<\/strong><\/p>\n<p>erh\u00f6ht.<\/p>\n<p>Wir empfehlen auch weiterhin die Anmeldung der Auszubildenden bei der<br \/><strong>Pensionskasse des Schornsteinfegerhandwerks (PKS)<\/strong><span>\u00a0<\/span>mit einem Beitrag von 36,23 \u20ac.<\/p>\n<p>&#8220; custom_margin_phone=&#8220;0px|0px|0px|0px|false|false&#8220; custom_padding_phone=&#8220;0px|0px|0px|0px|false|false&#8220;]<\/p>\n<h3><\/h3>\n<p>Mit Wirkung<span>\u00a0<\/span><strong>ab 01.01.2024<\/strong><span>\u00a0<\/span>wird f\u00fcr neu abgeschlossene Ausbildungsverh\u00e4ltnisse die<br \/>Empfehlung angepasst und auf folgende Betr\u00e4ge<\/p>\n<p><strong>1. Lehrjahr 900 Euro<\/strong><br \/><strong>2. Lehrjahr 1.000 Euro<\/strong><br \/><strong>3. Lehrjahr 1.100 Euro<\/strong><\/p>\n<p>erh\u00f6ht.<\/p>\n<p>Wir empfehlen auch weiterhin die Anmeldung der Auszubildenden bei der<br \/><strong>Pensionskasse des Schornsteinfegerhandwerks (PKS)<\/strong><span>\u00a0<\/span>mit einem Beitrag von 31,73 \u20ac.<\/p>\n<p>Mit Wirkung<span>\u00a0<\/span><strong>ab 01.01.2023<\/strong><span>\u00a0<\/span>wurde f\u00fcr neu abgeschlossene Ausbildungsverh\u00e4ltnisse die Empfehlung angepasst und auf folgende Betr\u00e4ge<\/p>\n<p><strong>1. Lehrjahr 800 Euro<\/strong><br \/><strong>2. Lehrjahr 900 Euro<\/strong><br \/><strong>3. Lehrjahr 1.000 Euro<\/strong><\/p>\n<p>erh\u00f6ht.<\/p>\n<p>Wir empfehlen auch weiterhin die Anmeldung der Auszubildenden bei der<br \/><strong>Pensionskasse des Schornsteinfegerhandwerks (PKS)<\/strong><span>\u00a0<\/span>mit einem Beitrag von 36,23 \u20ac.<\/p>\n<p>[\/et_pb_cta][\/et_pb_column][\/et_pb_row][\/et_pb_section][et_pb_section fb_built=&#8220;1&#8243; _builder_version=&#8220;4.27.4&#8243; _module_preset=&#8220;default&#8220; global_colors_info=&#8220;{}&#8220;][et_pb_row _builder_version=&#8220;4.27.4&#8243; _module_preset=&#8220;default&#8220; column_structure=&#8220;1_2,1_2&#8243;][et_pb_column _builder_version=&#8220;4.27.4&#8243; _module_preset=&#8220;default&#8220; type=&#8220;1_2&#8243;][et_pb_text _builder_version=&#8220;4.27.4&#8243; _module_preset=&#8220;default&#8220; hover_enabled=&#8220;0&#8243; global_colors_info=&#8220;{}&#8220; content_last_edited=&#8220;on|phone&#8220; content_phone=&#8220;<\/p>\n<h3><\/h3>\n<h3><\/h3>\n<h3><\/h3>\n<h3><\/h3>\n<h3>Urlaubsanspruch<\/h3>\n<p>Die Dauer des Urlaubes richtet sich nach dem Alter des Auszubildenden und muss im Ausbildungsvertrag festgelegt werden!<\/p>\n<p>Grunds\u00e4tzlich gelten folgende Urlaubsregelungen:<\/p>\n<ul class=%22on-list%22>\n<li>Urlaubsjahr ist grunds\u00e4tzlich das Kalenderjahr (nicht das Besch\u00e4ftigungsjahr).<\/li>\n<li>Urlaubsanspruch besteht f\u00fcr Auszubildende, die<span>\u00a0<\/span><strong>zu Beginn des Kalenderjahres<\/strong><br \/>\u2022 noch nicht 16 Jahre alt sind von mindestens 30 Arbeitstage<br \/>\u2022 noch nicht 17 Jahre alt sind von mindestens 27 Arbeitstage<br \/>\u2022 noch nicht 18 Jahre alt sind von mindestens 25 Arbeitstage<br \/>\u2022 \u00fcber 18 Jahre alt sind von mindestens 24 Arbeitstage.<\/li>\n<li>Der Landesinnungsverband empfiehlt bei vollj\u00e4hrigen Auszubildenden mindestens 25 Arbeitstage Urlaub.<\/li>\n<\/ul>\n<p>Tabelle f\u00fcr die Zw\u00f6lftelung des Urlaubs:<\/p>\n<p>&#8220; text_font_size_last_edited=&#8220;on|phone&#8220; text_font_size_phone=&#8220;14px&#8220; sticky_enabled=&#8220;0&#8243; content_tablet=&#8220;<\/p>\n<h3><\/h3>\n<h3><\/h3>\n<h3><\/h3>\n<h3><\/h3>\n<h3>Urlaubsanspruch<\/h3>\n<p>Die Dauer des Urlaubes richtet sich nach dem Alter des Auszubildenden und muss im Ausbildungsvertrag<br \/>festgelegt werden!<\/p>\n<p>Grunds\u00e4tzlich gelten folgende Urlaubsregelungen:<\/p>\n<ul class=%22on-list%22>\n<li>Urlaubsjahr ist grunds\u00e4tzlich das Kalenderjahr (nicht das Besch\u00e4ftigungsjahr).<\/li>\n<li>Urlaubsanspruch besteht f\u00fcr Auszubildende, die<span>\u00a0<\/span><strong>zu Beginn des Kalenderjahres<\/strong><br \/>\u2022 noch nicht 16 Jahre alt sind von mindestens 30 Arbeitstage<br \/>\u2022 noch nicht 17 Jahre alt sind von mindestens 27 Arbeitstage<br \/>\u2022 noch nicht 18 Jahre alt sind von mindestens 25 Arbeitstage<br \/>\u2022 \u00fcber 18 Jahre alt sind von mindestens 24 Arbeitstage.<\/li>\n<li>Der Landesinnungsverband empfiehlt bei vollj\u00e4hrigen Auszubildenden mindestens 25 Arbeitstage Urlaub.<\/li>\n<\/ul>\n<p>Tabelle f\u00fcr die Zw\u00f6lftelung des Urlaubs:<\/p>\n<p>&#8222;]<\/p>\n<h3><\/h3>\n<h3><\/h3>\n<h3><\/h3>\n<h3><\/h3>\n<h3>Urlaubsanspruch<\/h3>\n<p>Die Dauer des Urlaubes richtet sich nach dem Alter des Auszubildenden und muss im Ausbildungsvertrag<br \/>festgelegt werden!<\/p>\n<p>Grunds\u00e4tzlich gelten folgende Urlaubsregelungen:<\/p>\n<ul class=\"on-list\">\n<li>Urlaubsjahr ist grunds\u00e4tzlich das Kalenderjahr (nicht das Besch\u00e4ftigungsjahr).<\/li>\n<li>Urlaubsanspruch besteht f\u00fcr Auszubildende, die<span>\u00a0<\/span><strong>zu Beginn des Kalenderjahres<\/strong><br \/>\u2022 noch nicht 16 Jahre alt sind von mindestens 30 Arbeitstage<br \/>\u2022 noch nicht 17 Jahre alt sind von mindestens 27 Arbeitstage<br \/>\u2022 noch nicht 18 Jahre alt sind von mindestens 25 Arbeitstage<br \/>\u2022 \u00fcber 18 Jahre alt sind von mindestens 24 Arbeitstage.<\/li>\n<li>Der Landesinnungsverband empfiehlt bei vollj\u00e4hrigen Auszubildenden mindestens 25 Arbeitstage Urlaub.<\/li>\n<\/ul>\n<p>Tabelle f\u00fcr die Zw\u00f6lftelung des Urlaubs:<\/p>\n<p>[\/et_pb_text][\/et_pb_column][et_pb_column _builder_version=&#8220;4.27.4&#8243; _module_preset=&#8220;default&#8220; type=&#8220;1_2&#8243;][et_pb_image src=&#8220;https:\/\/schornsteinfegerinnung-tuebingen.de\/wp-content\/uploads\/2025\/05\/urlaub.jpg&#8220; title_text=&#8220;urlaub&#8220; _builder_version=&#8220;4.27.4&#8243; _module_preset=&#8220;default&#8220; width=&#8220;82%&#8220; hover_enabled=&#8220;0&#8243; global_colors_info=&#8220;{}&#8220; sticky_enabled=&#8220;0&#8243; custom_margin_last_edited=&#8220;on|desktop&#8220; custom_margin=&#8220;100px||||false|false&#8220; custom_margin_tablet=&#8220;0px||||false|false&#8220; custom_margin_phone=&#8220;0px||||false|false&#8220;][\/et_pb_image][\/et_pb_column][\/et_pb_row][\/et_pb_section]<\/p>\n","protected":false},"excerpt":{"rendered":"<p>Informationen f\u00fcrAuszubildende Gl\u00fcckbringer werden! Dauer der Ausbildung: 3 Jahre Berufsschulunterricht und \u00fcberbetriebliche Ausbildung finden als Blockunterricht statt.\u00dcber das Jahr verteilt fallen insgesamt 3 Monate Schule an. LandesfachschuleFerdinand-von-Steinbeis-SchuleGewerbliche Berufs- und Fachschule IIAbteilung SchornsteinfegerEggeringerweg 2689077 UlmTelefon: 0731 \/ 161 38 40Telefax: 0731 \/ 161 16 28 MeisterschuleTelefon: 07 31 \/ 161 38 77 Mehr erfahren\u2192 Mit Wirkung\u00a0ab [&hellip;]<\/p>\n","protected":false},"author":1,"featured_media":0,"parent":0,"menu_order":0,"comment_status":"closed","ping_status":"closed","template":"","meta":{"_et_pb_use_builder":"on","_et_pb_old_content":"","_et_gb_content_width":"","footnotes":""},"class_list":["post-318","page","type-page","status-publish","hentry"],"_links":{"self":[{"href":"https:\/\/schornsteinfegerinnung-tuebingen.de\/index.php\/wp-json\/wp\/v2\/pages\/318","targetHints":{"allow":["GET"]}}],"collection":[{"href":"https:\/\/schornsteinfegerinnung-tuebingen.de\/index.php\/wp-json\/wp\/v2\/pages"}],"about":[{"href":"https:\/\/schornsteinfegerinnung-tuebingen.de\/index.php\/wp-json\/wp\/v2\/types\/page"}],"author":[{"embeddable":true,"href":"https:\/\/schornsteinfegerinnung-tuebingen.de\/index.php\/wp-json\/wp\/v2\/users\/1"}],"replies":[{"embeddable":true,"href":"https:\/\/schornsteinfegerinnung-tuebingen.de\/index.php\/wp-json\/wp\/v2\/comments?post=318"}],"version-history":[{"count":12,"href":"https:\/\/schornsteinfegerinnung-tuebingen.de\/index.php\/wp-json\/wp\/v2\/pages\/318\/revisions"}],"predecessor-version":[{"id":987,"href":"https:\/\/schornsteinfegerinnung-tuebingen.de\/index.php\/wp-json\/wp\/v2\/pages\/318\/revisions\/987"}],"wp:attachment":[{"href":"https:\/\/schornsteinfegerinnung-tuebingen.de\/index.php\/wp-json\/wp\/v2\/media?parent=318"}],"curies":[{"name":"wp","href":"https:\/\/api.w.org\/{rel}","templated":true}]}}